{"version":"1.0","provider_name":"","provider_url":"https:\/\/namaste.cafeblog.hu","author_name":"Academy11 k\u00f6sz\u00f6nt T\u00e9ged.. Namaste \u0950 Gondolatok a L\u00e9lek \u00datj\u00e1n \u10e6","author_url":"https:\/\/namaste.cafeblog.hu\/author\/namaste_gondolatok_csodakkal_teli_megelt_tortenete\/","title":"F\u00e9nykoncert :)","html":"<p style=\"text-align: center\">Kedveseim!<\/p>\r\n<p style=\"text-align: center\">A F\u00e9ny sz\u00fclet\u00e9s\u00e9nek \u00dcnnep\u00e9n Jeszenszky Istv\u00e1n csod\u00e1latos koncertj\u00e9t \u00e9lhetj\u00fck meg. \u00a0Aj\u00e1nlom szeretettel.\u00a0<\/p>\r\n<p style=\"text-align: center\">Id\u0151pont: 2016 december 20 \u00a020.00-22.00<\/p>\r\n<p style=\"text-align: center\">Jegyrendel\u00e9s: fenyunnepe.hu\u00a0<\/p>\r\n<p>[embed]http:\/\/www.youtube.com\/watch?v=pE6yA_llphE[\/embed]<\/p>\r\n<p><a href=\"https:\/\/namaste.cafeblog.hu\/files\/2016\/12\/Jeszenszky-Istv\u00e1n-7.jpg\"><img class=\"aligncenter wp-image-2760 size-large\" src=\"https:\/\/namaste.cafeblog.hu\/files\/2016\/12\/Jeszenszky-Istv\u00e1n-7-600x450.jpg\" alt=\"jeszenszky-istvan-7\" width=\"600\" height=\"450\" \/><\/a><\/p>\r\n<p>J\u00f3 \u00e1raml\u00e1st a Csod\u00e1k fel\u00e9. \u00a0:) \u00a0Merd meg\u00e9lni hiszen l\u00e9teznek. :) \u00a0Namaste \u00a0:)<\/p>","type":"rich","thumbnail_url":"https:\/\/namaste.cafeblog.hu\/files\/2014\/08\/Jeszenszky-Istv\u00e1n-1-150x150.jpg","thumbnail_width":150,"thumbnail_height":150}