{"version":"1.0","provider_name":"","provider_url":"https:\/\/namaste.cafeblog.hu","author_name":"Academy11 k\u00f6sz\u00f6nt T\u00e9ged.. Namaste \u0950 Gondolatok a L\u00e9lek \u00datj\u00e1n \u10e6","author_url":"https:\/\/namaste.cafeblog.hu\/author\/namaste_gondolatok_csodakkal_teli_megelt_tortenete\/","title":"Kulcsok a szeretethez..","html":"<p><strong>Nem \u00e9rdekel, hogy mib\u0151l \u00e9lsz. Azt akarom tudni, hogy mire v\u00e1gysz, \u00e9s hogy mersz-e tal\u00e1lkozni sz\u00edved v\u00e1gyakoz\u00e1s\u00e1val. <\/strong><\/p>\r\n<p><strong>Nem \u00e9rdekel, hogy h\u00e1ny \u00e9ves vagy. Azt akarom tudni, megkock\u00e1ztatod-e, hogy h\u00fcly\u00e9nek n\u00e9znek a szerelmed miatt, az \u00e1lmaid\u00e9rt vagy az\u00e9rt a kaland\u00e9rt, hogy igaz\u00e1n \u00e9lj. <\/strong><\/p>\r\n<p><strong>Nem \u00e9rdekel, hogy milyen bolyg\u00f3id \u00e1llnak egy\u00fctt a holddal. Azt akarom tudni, hogy meg\u00e9rintetted-e szomor\u00fas\u00e1god k\u00f6z\u00e9ppontj\u00e1t, hogy sebet ejtett-e m\u00e1r valaha rajtad \u00e1rul\u00e1s az \u00e9letben, \u00e9s hogy tov\u00e1bbi f\u00e1<span class=\"text_exposed_show\">jdalmakt\u00f3l val\u00f3 f\u00e9lelmedben visszah\u00faz\u00f3dt\u00e1l-e m\u00e1r. Azt akarom tudni, hogy egy\u00fctt tudsz-e lenni f\u00e1jdalommal, az eny\u00e9mmel vagy a ti\u00e9ddel, Hogy vadul tudsz-e t\u00e1ncolni, \u00e9s hagyni, hogy az ekszt\u00e1zis megt\u00f6lts\u00f6n az ujjad hegy\u00e9ig an\u00e9lk\u00fcl, hogy \u00f3vatoss\u00e1gra inten\u00e9l, vagy arra, hogy legy\u00fcnk realist\u00e1k, vagy eml\u00e9kezz\u00fcnk az emberi l\u00e9t korl\u00e1taira. <\/span><\/strong><\/p>\r\n<p><strong><span class=\"text_exposed_show\">Nem \u00e9rdekel, hogy a t\u00f6rt\u00e9net, amit mes\u00e9lsz igaz-e. Azt akarom tudni, hogy tudsz-e csal\u00f3d\u00e1st okozni valakinek, hogy igaz legy\u00e9l \u00f6nmagadhoz, hogy el tudod-e viselni az \u00e1rul\u00e1s v\u00e1dj\u00e1t az\u00e9rt, hogy ne \u00e1ruld el a saj\u00e1t lelkedet Azt akarom tudni, hogy l\u00e1tod-e a sz\u00e9pet, m\u00e9g akkor is, ha az nem mindennap sz\u00e9p, \u00e9s hogy isten jelenl\u00e9t\u00e9b\u0151l ered-e az \u00e9leted. Azt akarom tudni, hogy egy\u00fctt tudsz-e \u00e9lni a kudarccal, az eny\u00e9mmel vagy a ti\u00e9ddel, \u00e9s m\u00e9gis meg\u00e1llni a t\u00f3 partj\u00e1n \u00e9s azt ki\u00e1ltani az ez\u00fcst holdnak, hogy \"Igen\"! <\/span><\/strong><\/p>\r\n<p><strong><span class=\"text_exposed_show\">Nem \u00e9rdekel, hogy hol \u00e9lsz, vagy hogy mennyit keresel. Azt akarom tudni, hogy fel tudsz-e kelni egy szomor\u00fas\u00e1ggal \u00e9s k\u00e9ts\u00e9gbees\u00e9ssel teli \u00e9jszaka ut\u00e1n, f\u00e1radtan \u00e9s csontjaidig \u00f6sszet\u00f6rten \u00e9s ell\u00e1tni a gyerekeket? <\/span><\/strong><\/p>\r\n<p><strong><span class=\"text_exposed_show\">Nem \u00e9rdekel, hogy ki vagy, \u00e9s hogy jutott\u00e1l ide. Azt akarom tudni, hogy \u00e1llsz-e velem a t\u0171z k\u00f6z\u00e9ppontj\u00e1ban an\u00e9lk\u00fcl, hogy visszariadn\u00e1l. <\/span><\/strong><\/p>\r\n<p><strong><span class=\"text_exposed_show\"><a href=\"https:\/\/namaste.cafeblog.hu\/files\/2015\/02\/\u00f6nnmaggad-n.jpg\"><img class=\"aligncenter size-full wp-image-1784\" src=\"https:\/\/namaste.cafeblog.hu\/files\/2015\/02\/\u00f6nnmaggad-n.jpg\" alt=\"\u00f6nnmaggad n\" width=\"853\" height=\"640\" \/><\/a>Nem \u00e9rdekel, hogy hol, mit \u00e9s kivel tanult\u00e1l. Azt akarom tudni, hogy mi tart meg bel\u00fclr\u0151l, amikor minden egy\u00e9b m\u00e1r \u00f6sszeomlott. Azt akarom tudni, hogy tudsz-e egyed\u00fcl lenni saj\u00e1t magaddal, \u00e9s hogy igaz\u00e1n szeretsz-e magaddal lenni az \u00fcres pillanatokban.<\/span><\/strong><\/p>\r\n<div>\r\n<p>Indi\u00e1n b\u00f6lcsess\u00e9g<\/p>\r\n<p>&nbsp;<\/p>\r\n<p>J\u00f3 \u00e1raml\u00e1st a Csod\u00e1k fel\u00e9. :) Merd meg\u00e9lni \u0151ket hiszen l\u00e9teznek! :) Namaste :)<\/p>\r\n<\/div>","type":"rich","thumbnail_url":"https:\/\/namaste.cafeblog.hu\/files\/2015\/02\/\u00f6nnmaggad-n-150x150.jpg","thumbnail_width":150,"thumbnail_height":150}