{"version":"1.0","provider_name":"","provider_url":"https:\/\/namaste.cafeblog.hu","author_name":"Academy11 k\u00f6sz\u00f6nt T\u00e9ged.. Namaste \u0950 Gondolatok a L\u00e9lek \u00datj\u00e1n \u10e6","author_url":"https:\/\/namaste.cafeblog.hu\/author\/namaste_gondolatok_csodakkal_teli_megelt_tortenete\/","title":"Dalai L\u00e1ma gondolata..","html":"<p style=\"text-align: center\"><strong>\"Ha a vil\u00e1gon minden 8 \u00e9ves gyereket megtan\u00edtan\u00e1nak medit\u00e1lni, egy gener\u00e1ci\u00f3n bel\u00fcl elt\u00fcnne az er\u0151szak a F\u00f6ldr\u0151l.\"<\/strong><\/p>\r\n<p style=\"text-align: center\"><a href=\"https:\/\/namaste.cafeblog.hu\/files\/2014\/09\/Gyermek-medit\u00e1ci\u00f3-n.jpg\"><img class=\"aligncenter size-full wp-image-823\" src=\"https:\/\/namaste.cafeblog.hu\/files\/2014\/09\/Gyermek-medit\u00e1ci\u00f3-n.jpg\" alt=\"Gyermek medit\u00e1ci\u00f3 n\" width=\"616\" height=\"682\" \/><\/a><\/p>\r\n<p style=\"text-align: center\"><\/p>\r\n<p style=\"text-align: left\">J\u00f3 \u00e1raml\u00e1st a Csod\u00e1k fel\u00e9. Merd meg\u00e9lni \u0151ket hiszen l\u00e9tezenek! :) Namaste \u00a0:)<\/p>","type":"rich","thumbnail_url":"https:\/\/namaste.cafeblog.hu\/files\/2014\/09\/gyerek-medit\u00e1ci\u00f32-n-150x150.jpg","thumbnail_width":150,"thumbnail_height":150}